{"id":464,"date":"2019-09-05T12:04:33","date_gmt":"2019-09-05T10:04:33","guid":{"rendered":"http:\/\/ateliercuisines.fr\/?page_id=464"},"modified":"2019-09-06T15:27:58","modified_gmt":"2019-09-06T13:27:58","slug":"nos-competences-a-votre-service","status":"publish","type":"page","link":"https:\/\/ateliercuisines.fr\/index.php\/nos-competences-a-votre-service\/","title":{"rendered":"NOS COMPETENCES A VOTRE SERVICE"},"content":{"rendered":"<p>[et_pb_section fb_built=\u00a0\u00bb1&Prime; _builder_version=\u00a0\u00bb3.19.8&Prime;][et_pb_row _builder_version=\u00a0\u00bb3.19.8&Prime;][et_pb_column type=\u00a0\u00bb4_4&Prime; _builder_version=\u00a0\u00bb3.19.8&Prime; parallax=\u00a0\u00bboff\u00a0\u00bb parallax_method=\u00a0\u00bbon\u00a0\u00bb][et_pb_text _builder_version=\u00a0\u00bb3.19.8&Prime; inline_fonts=\u00a0\u00bbCambay\u00a0\u00bb]<\/p>\n<h3><span style=\"color: #f7be44;\">NOS COMPETENCES A VOTRE SERVICE<\/span><\/h3>\n<p>[\/et_pb_text][\/et_pb_column][\/et_pb_row][et_pb_row _builder_version=\u00a0\u00bb3.19.8&Prime;][et_pb_column type=\u00a0\u00bb1_3&Prime; _builder_version=\u00a0\u00bb3.19.8&Prime; parallax=\u00a0\u00bboff\u00a0\u00bb parallax_method=\u00a0\u00bbon\u00a0\u00bb][et_pb_text _builder_version=\u00a0\u00bb3.19.8&Prime; text_font=\u00a0\u00bb||||||||\u00a0\u00bb link_font=\u00a0\u00bb||||||||\u00a0\u00bb]<\/p>\n<h2>Un projet cl\u00e9 en main<\/h2>\n<p style=\"text-align: justify;\">Nous travaillons avec des fournisseurs et partenaires reconnus pour leur savoir-faire afin de vous proposer un large de produits de qualit\u00e9 100 % \u00ab\u00a0Made in France\u00a0\u00bb voire m\u00eame \u00ab\u00a0Made in Mayenne\u00a0\u00bb.<\/p>\n<p style=\"text-align: justify;\">Nous vous garantissons un projet cl\u00e9 en main (fabrication verri\u00e8re, rangement sous escalier, &#8230;)<\/p>\n<p>[\/et_pb_text][et_pb_image src=\u00a0\u00bbhttp:\/\/ateliercuisines.fr\/wp-content\/uploads\/2019\/09\/IMG_6420.jpg\u00a0\u00bb _builder_version=\u00a0\u00bb3.19.8&Prime;][\/et_pb_image][\/et_pb_column][et_pb_column type=\u00a0\u00bb1_3&Prime; _builder_version=\u00a0\u00bb3.19.8&Prime; parallax=\u00a0\u00bboff\u00a0\u00bb parallax_method=\u00a0\u00bbon\u00a0\u00bb][et_pb_text _builder_version=\u00a0\u00bb3.19.8&Prime;]<\/p>\n<h2>Etude et conseils personnalis\u00e9s<\/h2>\n<p>Nous \u00e9tudions chacune de vos attentes et\u00a0<span>mettons tout notre savoir-faire et notre cr\u00e9ativit\u00e9 pour r\u00e9pondre \u00e0 vos envies, au service de votre am\u00e9nagement sur mesure.<\/span><\/p>\n<p><span><\/span><\/p>\n<p><span><\/span><\/p>\n<p><span><\/span><\/p>\n<p><span><\/span><\/p>\n<p><span><\/span><\/p>\n<p><span><\/span><\/p>\n<p><span><\/span><\/p>\n<p>[\/et_pb_text][et_pb_image src=\u00a0\u00bbhttp:\/\/ateliercuisines.fr\/wp-content\/uploads\/2019\/09\/P66-67_BOREALE_CHENE_NATUREL-Detail01.jpg\u00a0\u00bb _builder_version=\u00a0\u00bb3.19.8&Prime;][\/et_pb_image][\/et_pb_column][et_pb_column type=\u00a0\u00bb1_3&Prime; _builder_version=\u00a0\u00bb3.19.8&Prime; parallax=\u00a0\u00bboff\u00a0\u00bb parallax_method=\u00a0\u00bbon\u00a0\u00bb][et_pb_text _builder_version=\u00a0\u00bb3.19.8&Prime;]<\/p>\n<h2>Devis gratuit et plans en 3D<\/h2>\n<p>Pour que vous puissiez mieux imagin\u00e9 votre projet nous vous r\u00e9alisons des plans en 3D.\u00a0<\/p>\n<p>Le devis est gratuit.<\/p>\n<p>&nbsp;<\/p>\n<p>&nbsp;<\/p>\n<p>[\/et_pb_text][et_pb_image src=\u00a0\u00bbhttp:\/\/ateliercuisines.fr\/wp-content\/uploads\/2019\/09\/Plan-3d-r\u00e9alis\u00e9-par-Atelier-Cuisines.jpg\u00a0\u00bb _builder_version=\u00a0\u00bb3.19.8&Prime;][\/et_pb_image][\/et_pb_column][\/et_pb_row][\/et_pb_section]<\/p>\n","protected":false},"excerpt":{"rendered":"<p>[et_pb_section fb_built=\u00a0\u00bb1&Prime; _builder_version=\u00a0\u00bb3.19.8&Prime;][et_pb_row _builder_version=\u00a0\u00bb3.19.8&Prime;][et_pb_column type=\u00a0\u00bb4_4&Prime; _builder_version=\u00a0\u00bb3.19.8&Prime; parallax=\u00a0\u00bboff\u00a0\u00bb parallax_method=\u00a0\u00bbon\u00a0\u00bb][et_pb_text _builder_version=\u00a0\u00bb3.19.8&Prime; inline_fonts=\u00a0\u00bbCambay\u00a0\u00bb] NOS COMPETENCES A VOTRE SERVICE [\/et_pb_text][\/et_pb_column][\/et_pb_row][et_pb_row _builder_version=\u00a0\u00bb3.19.8&Prime;][et_pb_column type=\u00a0\u00bb1_3&Prime; _builder_version=\u00a0\u00bb3.19.8&Prime; parallax=\u00a0\u00bboff\u00a0\u00bb parallax_method=\u00a0\u00bbon\u00a0\u00bb][et_pb_text _builder_version=\u00a0\u00bb3.19.8&Prime; text_font=\u00a0\u00bb||||||||\u00a0\u00bb link_font=\u00a0\u00bb||||||||\u00a0\u00bb] Un projet cl\u00e9 en main Nous travaillons avec des fournisseurs et partenaires reconnus pour leur savoir-faire afin de vous proposer un large de produits de qualit\u00e9 100 % \u00ab\u00a0Made in France\u00a0\u00bb [&hellip;]<\/p>\n","protected":false},"author":1,"featured_media":0,"parent":0,"menu_order":0,"comment_status":"closed","ping_status":"closed","template":"","meta":{"_et_pb_use_builder":"on","_et_pb_old_content":""},"_links":{"self":[{"href":"https:\/\/ateliercuisines.fr\/index.php\/wp-json\/wp\/v2\/pages\/464"}],"collection":[{"href":"https:\/\/ateliercuisines.fr\/index.php\/wp-json\/wp\/v2\/pages"}],"about":[{"href":"https:\/\/ateliercuisines.fr\/index.php\/wp-json\/wp\/v2\/types\/page"}],"author":[{"embeddable":true,"href":"https:\/\/ateliercuisines.fr\/index.php\/wp-json\/wp\/v2\/users\/1"}],"replies":[{"embeddable":true,"href":"https:\/\/ateliercuisines.fr\/index.php\/wp-json\/wp\/v2\/comments?post=464"}],"version-history":[{"count":17,"href":"https:\/\/ateliercuisines.fr\/index.php\/wp-json\/wp\/v2\/pages\/464\/revisions"}],"predecessor-version":[{"id":706,"href":"https:\/\/ateliercuisines.fr\/index.php\/wp-json\/wp\/v2\/pages\/464\/revisions\/706"}],"wp:attachment":[{"href":"https:\/\/ateliercuisines.fr\/index.php\/wp-json\/wp\/v2\/media?parent=464"}],"curies":[{"name":"wp","href":"https:\/\/api.w.org\/{rel}","templated":true}]}}